{"id":1875,"date":"2024-11-29T17:38:46","date_gmt":"2024-11-29T17:38:46","guid":{"rendered":"https:\/\/www.klo.ee\/?page_id=1875"},"modified":"2025-01-09T08:19:05","modified_gmt":"2025-01-09T08:19:05","slug":"logod-tooroivastele","status":"publish","type":"page","link":"https:\/\/www.klo.ee\/?page_id=1875","title":{"rendered":"LOGOD T\u00d6\u00d6R\u00d5IVASTELE"},"content":{"rendered":"<h1>Logod t\u00f6\u00f6r\u00f5ivastele, logo ohutusvestidele.<br \/>\n\u00d5mmeldavad logod, nimed, embleemid t\u00f6\u00f6r\u00f5ivastele.<\/h1>\n<p>Embleemide aluseid on pakkuda neljas erinevas suuruses, k\u00f5igil on mustad l\u00e4bi\u00f5mmeldud servad.<\/p>\n<p><img loading=\"lazy\" decoding=\"async\" class=\"alignnone wp-image-1880\" src=\"https:\/\/www.klo.ee\/wp-content\/uploads\/2024\/11\/ommeldavad-embleemid-riietele1.jpg\" alt=\"\" width=\"900\" height=\"479\" srcset=\"https:\/\/www.klo.ee\/wp-content\/uploads\/2024\/11\/ommeldavad-embleemid-riietele1.jpg 657w, https:\/\/www.klo.ee\/wp-content\/uploads\/2024\/11\/ommeldavad-embleemid-riietele1-300x160.jpg 300w\" sizes=\"auto, (max-width: 900px) 100vw, 900px\" \/><\/p>\n<p>\u00d5mmeldavate embleemide aluseid on pakkuda \u00fcmmargune \u00f875mm, ristk\u00fclikud 110&#215;40, 110&#215;50 ja ovaalne 47x76mm.<\/p>\n<p><img loading=\"lazy\" decoding=\"async\" class=\"alignnone wp-image-1879\" src=\"https:\/\/www.klo.ee\/wp-content\/uploads\/2024\/11\/ommeldavad-embleemid-riietele2.jpg\" alt=\"\" width=\"899\" height=\"479\" srcset=\"https:\/\/www.klo.ee\/wp-content\/uploads\/2024\/11\/ommeldavad-embleemid-riietele2.jpg 657w, https:\/\/www.klo.ee\/wp-content\/uploads\/2024\/11\/ommeldavad-embleemid-riietele2-300x160.jpg 300w\" sizes=\"auto, (max-width: 899px) 100vw, 899px\" \/><br \/>\nFotol on puudu ovaal 47x76mm.<\/p>\n<p>Serva\u00f5mbluse toone on veel valida: valge, roheline, sinine, punane &#8211; k\u00f5ikidel suurustel k\u00f5iki v\u00e4rve ei ole v\u00f5imalik pakkuda.<br \/>\nKirjad-logod t\u00f6\u00f6r\u00f5ivastele saame valmistada siiditr\u00fckis, sublimatsioon- v\u00f5i presstr\u00fckis.<\/p>\n<p><img loading=\"lazy\" decoding=\"async\" class=\" wp-image-1878\" src=\"https:\/\/www.klo.ee\/wp-content\/uploads\/2024\/11\/logomytsile-nokimer2.jpg\" alt=\"\" width=\"901\" height=\"901\" srcset=\"https:\/\/www.klo.ee\/wp-content\/uploads\/2024\/11\/logomytsile-nokimer2.jpg 657w, https:\/\/www.klo.ee\/wp-content\/uploads\/2024\/11\/logomytsile-nokimer2-300x300.jpg 300w, https:\/\/www.klo.ee\/wp-content\/uploads\/2024\/11\/logomytsile-nokimer2-150x150.jpg 150w\" sizes=\"auto, (max-width: 901px) 100vw, 901px\" \/><\/p>\n<p>N\u00e4iteks helkurlogo m\u00fctsil. Reklaamib firmat ja on n\u00e4htav pimeduses.<\/p>\n<p>Logod ohutusvestidele (p\u00e4ringuvormile otse siit).<\/p>\n<p><img loading=\"lazy\" decoding=\"async\" class=\"alignnone wp-image-1877\" src=\"https:\/\/www.klo.ee\/wp-content\/uploads\/2024\/11\/ohutusvestud657.jpg\" alt=\"\" width=\"897\" height=\"497\" srcset=\"https:\/\/www.klo.ee\/wp-content\/uploads\/2024\/11\/ohutusvestud657.jpg 657w, https:\/\/www.klo.ee\/wp-content\/uploads\/2024\/11\/ohutusvestud657-300x166.jpg 300w\" sizes=\"auto, (max-width: 897px) 100vw, 897px\" \/><br \/>\nohutusvestid<\/p>\n<p>Rinnale logo ala max 100x100mm ja seljale laiusega 250mm kuni suurematel vestidele kuni A4 suuruses. Ohutusvestid on takjakinnitustega. Vestidele on v\u00f5imalik logo tr\u00fckkida presstr\u00fckis v\u00f5i sublimatsiooniga.<br \/>\nOhutusvest vastab Vastab EN 471 klass 2 n\u00f5uetele. Laste ohutusvestid saadaval ainult kollastena. SAADA OMA P\u00c4RING <a href=\"https:\/\/kolmlovitrykikeskus.ee\/?page_id=3356\" target=\"_blank\" rel=\"noopener\">SIIT.<\/a><\/p>\n","protected":false},"excerpt":{"rendered":"<p>Logod t\u00f6\u00f6r\u00f5ivastele, logo ohutusvestidele. \u00d5mmeldavad logod, nimed, embleemid t\u00f6\u00f6r\u00f5ivastele. Embleemide aluseid on pakkuda neljas erinevas suuruses, k\u00f5igil on mustad l\u00e4bi\u00f5mmeldud servad. \u00d5mmeldavate embleemide aluseid on [&#8230;]<\/p>\n","protected":false},"author":2,"featured_media":0,"parent":0,"menu_order":0,"comment_status":"closed","ping_status":"closed","template":"","meta":{"footnotes":""},"class_list":["post-1875","page","type-page","status-publish","hentry"],"yoast_head":"<!-- This site is optimized with the Yoast SEO plugin v27.5 - https:\/\/yoast.com\/product\/yoast-seo-wordpress\/ -->\n<title>LOGOD T\u00d6\u00d6R\u00d5IVASTELE - Kolm L\u00f5vi Ohutus<\/title>\n<meta name=\"description\" content=\"LOGOD T\u00d6\u00d6R\u00d5IVASTELE Kolm L\u00f5vi Ohutus\" \/>\n<meta name=\"robots\" content=\"index, follow, max-snippet:-1, max-image-preview:large, max-video-preview:-1\" \/>\n<link rel=\"canonical\" href=\"https:\/\/www.klo.ee\/?page_id=1875\" \/>\n<meta property=\"og:locale\" content=\"et_EE\" \/>\n<meta property=\"og:type\" content=\"article\" \/>\n<meta property=\"og:title\" content=\"LOGOD T\u00d6\u00d6R\u00d5IVASTELE - Kolm L\u00f5vi Ohutus\" \/>\n<meta property=\"og:description\" content=\"LOGOD T\u00d6\u00d6R\u00d5IVASTELE Kolm L\u00f5vi Ohutus\" \/>\n<meta property=\"og:url\" content=\"https:\/\/www.klo.ee\/?page_id=1875\" \/>\n<meta property=\"og:site_name\" content=\"Kolm L\u00f5vi Ohutus\" \/>\n<meta property=\"article:publisher\" content=\"https:\/\/www.facebook.com\/kloprof\" \/>\n<meta property=\"article:modified_time\" content=\"2025-01-09T08:19:05+00:00\" \/>\n<meta property=\"og:image\" content=\"https:\/\/www.klo.ee\/wp-content\/uploads\/2024\/11\/ommeldavad-embleemid-riietele1.jpg\" \/>\n\t<meta property=\"og:image:width\" content=\"657\" \/>\n\t<meta property=\"og:image:height\" content=\"350\" \/>\n\t<meta property=\"og:image:type\" content=\"image\/jpeg\" \/>\n<meta name=\"twitter:card\" content=\"summary_large_image\" \/>\n<meta name=\"twitter:label1\" content=\"Est. reading time\" \/>\n\t<meta name=\"twitter:data1\" content=\"2 minutit\" \/>\n<script type=\"application\/ld+json\" class=\"yoast-schema-graph\">{\"@context\":\"https:\\\/\\\/schema.org\",\"@graph\":[{\"@type\":\"WebPage\",\"@id\":\"https:\\\/\\\/www.klo.ee\\\/?page_id=1875\",\"url\":\"https:\\\/\\\/www.klo.ee\\\/?page_id=1875\",\"name\":\"LOGOD T\u00d6\u00d6R\u00d5IVASTELE - Kolm L\u00f5vi Ohutus\",\"isPartOf\":{\"@id\":\"https:\\\/\\\/www.klo.ee\\\/#website\"},\"primaryImageOfPage\":{\"@id\":\"https:\\\/\\\/www.klo.ee\\\/?page_id=1875#primaryimage\"},\"image\":{\"@id\":\"https:\\\/\\\/www.klo.ee\\\/?page_id=1875#primaryimage\"},\"thumbnailUrl\":\"https:\\\/\\\/www.klo.ee\\\/wp-content\\\/uploads\\\/2024\\\/11\\\/ommeldavad-embleemid-riietele1.jpg\",\"datePublished\":\"2024-11-29T17:38:46+00:00\",\"dateModified\":\"2025-01-09T08:19:05+00:00\",\"description\":\"LOGOD T\u00d6\u00d6R\u00d5IVASTELE Kolm L\u00f5vi Ohutus\",\"breadcrumb\":{\"@id\":\"https:\\\/\\\/www.klo.ee\\\/?page_id=1875#breadcrumb\"},\"inLanguage\":\"et\",\"potentialAction\":[{\"@type\":\"ReadAction\",\"target\":[\"https:\\\/\\\/www.klo.ee\\\/?page_id=1875\"]}]},{\"@type\":\"ImageObject\",\"inLanguage\":\"et\",\"@id\":\"https:\\\/\\\/www.klo.ee\\\/?page_id=1875#primaryimage\",\"url\":\"https:\\\/\\\/www.klo.ee\\\/wp-content\\\/uploads\\\/2024\\\/11\\\/ommeldavad-embleemid-riietele1.jpg\",\"contentUrl\":\"https:\\\/\\\/www.klo.ee\\\/wp-content\\\/uploads\\\/2024\\\/11\\\/ommeldavad-embleemid-riietele1.jpg\",\"width\":657,\"height\":350},{\"@type\":\"BreadcrumbList\",\"@id\":\"https:\\\/\\\/www.klo.ee\\\/?page_id=1875#breadcrumb\",\"itemListElement\":[{\"@type\":\"ListItem\",\"position\":1,\"name\":\"Home\",\"item\":\"https:\\\/\\\/www.klo.ee\\\/\"},{\"@type\":\"ListItem\",\"position\":2,\"name\":\"LOGOD T\u00d6\u00d6R\u00d5IVASTELE\"}]},{\"@type\":\"WebSite\",\"@id\":\"https:\\\/\\\/www.klo.ee\\\/#website\",\"url\":\"https:\\\/\\\/www.klo.ee\\\/\",\"name\":\"Kolm L\u00f5vi Ohutus\",\"description\":\"Ohutusm\u00e4rkide leht\",\"publisher\":{\"@id\":\"https:\\\/\\\/www.klo.ee\\\/#organization\"},\"potentialAction\":[{\"@type\":\"SearchAction\",\"target\":{\"@type\":\"EntryPoint\",\"urlTemplate\":\"https:\\\/\\\/www.klo.ee\\\/?s={search_term_string}\"},\"query-input\":{\"@type\":\"PropertyValueSpecification\",\"valueRequired\":true,\"valueName\":\"search_term_string\"}}],\"inLanguage\":\"et\"},{\"@type\":\"Organization\",\"@id\":\"https:\\\/\\\/www.klo.ee\\\/#organization\",\"name\":\"Kolm L\u00f5vi Ohutus\",\"url\":\"https:\\\/\\\/www.klo.ee\\\/\",\"logo\":{\"@type\":\"ImageObject\",\"inLanguage\":\"et\",\"@id\":\"https:\\\/\\\/www.klo.ee\\\/#\\\/schema\\\/logo\\\/image\\\/\",\"url\":\"https:\\\/\\\/www.klo.ee\\\/wp-content\\\/uploads\\\/2024\\\/09\\\/ohutusmarkheader.jpg\",\"contentUrl\":\"https:\\\/\\\/www.klo.ee\\\/wp-content\\\/uploads\\\/2024\\\/09\\\/ohutusmarkheader.jpg\",\"width\":863,\"height\":162,\"caption\":\"Kolm L\u00f5vi Ohutus\"},\"image\":{\"@id\":\"https:\\\/\\\/www.klo.ee\\\/#\\\/schema\\\/logo\\\/image\\\/\"},\"sameAs\":[\"https:\\\/\\\/www.facebook.com\\\/kloprof\"]}]}<\/script>\n<!-- \/ Yoast SEO plugin. -->","yoast_head_json":{"title":"LOGOD T\u00d6\u00d6R\u00d5IVASTELE - Kolm L\u00f5vi Ohutus","description":"LOGOD T\u00d6\u00d6R\u00d5IVASTELE Kolm L\u00f5vi Ohutus","robots":{"index":"index","follow":"follow","max-snippet":"max-snippet:-1","max-image-preview":"max-image-preview:large","max-video-preview":"max-video-preview:-1"},"canonical":"https:\/\/www.klo.ee\/?page_id=1875","og_locale":"et_EE","og_type":"article","og_title":"LOGOD T\u00d6\u00d6R\u00d5IVASTELE - Kolm L\u00f5vi Ohutus","og_description":"LOGOD T\u00d6\u00d6R\u00d5IVASTELE Kolm L\u00f5vi Ohutus","og_url":"https:\/\/www.klo.ee\/?page_id=1875","og_site_name":"Kolm L\u00f5vi Ohutus","article_publisher":"https:\/\/www.facebook.com\/kloprof","article_modified_time":"2025-01-09T08:19:05+00:00","og_image":[{"width":657,"height":350,"url":"https:\/\/www.klo.ee\/wp-content\/uploads\/2024\/11\/ommeldavad-embleemid-riietele1.jpg","type":"image\/jpeg"}],"twitter_card":"summary_large_image","twitter_misc":{"Est. reading time":"2 minutit"},"schema":{"@context":"https:\/\/schema.org","@graph":[{"@type":"WebPage","@id":"https:\/\/www.klo.ee\/?page_id=1875","url":"https:\/\/www.klo.ee\/?page_id=1875","name":"LOGOD T\u00d6\u00d6R\u00d5IVASTELE - Kolm L\u00f5vi Ohutus","isPartOf":{"@id":"https:\/\/www.klo.ee\/#website"},"primaryImageOfPage":{"@id":"https:\/\/www.klo.ee\/?page_id=1875#primaryimage"},"image":{"@id":"https:\/\/www.klo.ee\/?page_id=1875#primaryimage"},"thumbnailUrl":"https:\/\/www.klo.ee\/wp-content\/uploads\/2024\/11\/ommeldavad-embleemid-riietele1.jpg","datePublished":"2024-11-29T17:38:46+00:00","dateModified":"2025-01-09T08:19:05+00:00","description":"LOGOD T\u00d6\u00d6R\u00d5IVASTELE Kolm L\u00f5vi Ohutus","breadcrumb":{"@id":"https:\/\/www.klo.ee\/?page_id=1875#breadcrumb"},"inLanguage":"et","potentialAction":[{"@type":"ReadAction","target":["https:\/\/www.klo.ee\/?page_id=1875"]}]},{"@type":"ImageObject","inLanguage":"et","@id":"https:\/\/www.klo.ee\/?page_id=1875#primaryimage","url":"https:\/\/www.klo.ee\/wp-content\/uploads\/2024\/11\/ommeldavad-embleemid-riietele1.jpg","contentUrl":"https:\/\/www.klo.ee\/wp-content\/uploads\/2024\/11\/ommeldavad-embleemid-riietele1.jpg","width":657,"height":350},{"@type":"BreadcrumbList","@id":"https:\/\/www.klo.ee\/?page_id=1875#breadcrumb","itemListElement":[{"@type":"ListItem","position":1,"name":"Home","item":"https:\/\/www.klo.ee\/"},{"@type":"ListItem","position":2,"name":"LOGOD T\u00d6\u00d6R\u00d5IVASTELE"}]},{"@type":"WebSite","@id":"https:\/\/www.klo.ee\/#website","url":"https:\/\/www.klo.ee\/","name":"Kolm L\u00f5vi Ohutus","description":"Ohutusm\u00e4rkide leht","publisher":{"@id":"https:\/\/www.klo.ee\/#organization"},"potentialAction":[{"@type":"SearchAction","target":{"@type":"EntryPoint","urlTemplate":"https:\/\/www.klo.ee\/?s={search_term_string}"},"query-input":{"@type":"PropertyValueSpecification","valueRequired":true,"valueName":"search_term_string"}}],"inLanguage":"et"},{"@type":"Organization","@id":"https:\/\/www.klo.ee\/#organization","name":"Kolm L\u00f5vi Ohutus","url":"https:\/\/www.klo.ee\/","logo":{"@type":"ImageObject","inLanguage":"et","@id":"https:\/\/www.klo.ee\/#\/schema\/logo\/image\/","url":"https:\/\/www.klo.ee\/wp-content\/uploads\/2024\/09\/ohutusmarkheader.jpg","contentUrl":"https:\/\/www.klo.ee\/wp-content\/uploads\/2024\/09\/ohutusmarkheader.jpg","width":863,"height":162,"caption":"Kolm L\u00f5vi Ohutus"},"image":{"@id":"https:\/\/www.klo.ee\/#\/schema\/logo\/image\/"},"sameAs":["https:\/\/www.facebook.com\/kloprof"]}]}},"_links":{"self":[{"href":"https:\/\/www.klo.ee\/index.php?rest_route=\/wp\/v2\/pages\/1875","targetHints":{"allow":["GET"]}}],"collection":[{"href":"https:\/\/www.klo.ee\/index.php?rest_route=\/wp\/v2\/pages"}],"about":[{"href":"https:\/\/www.klo.ee\/index.php?rest_route=\/wp\/v2\/types\/page"}],"author":[{"embeddable":true,"href":"https:\/\/www.klo.ee\/index.php?rest_route=\/wp\/v2\/users\/2"}],"replies":[{"embeddable":true,"href":"https:\/\/www.klo.ee\/index.php?rest_route=%2Fwp%2Fv2%2Fcomments&post=1875"}],"version-history":[{"count":7,"href":"https:\/\/www.klo.ee\/index.php?rest_route=\/wp\/v2\/pages\/1875\/revisions"}],"predecessor-version":[{"id":2788,"href":"https:\/\/www.klo.ee\/index.php?rest_route=\/wp\/v2\/pages\/1875\/revisions\/2788"}],"wp:attachment":[{"href":"https:\/\/www.klo.ee\/index.php?rest_route=%2Fwp%2Fv2%2Fmedia&parent=1875"}],"curies":[{"name":"wp","href":"https:\/\/api.w.org\/{rel}","templated":true}]}}